{"id":17644,"date":"2023-10-20T13:29:25","date_gmt":"2023-10-20T11:29:25","guid":{"rendered":"https:\/\/www.lasoufflerie.com\/product\/vase-boudin-bas-framboise-vases-bud-vases-hand-blown-recycled-glass\/"},"modified":"2025-11-07T13:35:23","modified_gmt":"2025-11-07T12:35:23","slug":"vase-boudin-bas-framboise-verre-recycle-souffle-bouche","status":"publish","type":"product","link":"https:\/\/www.lasoufflerie.com\/fr\/produit\/vase-boudin-bas-framboise-verre-recycle-souffle-bouche\/","title":{"rendered":"Vase Boudin Bas Framboise"},"content":{"rendered":"<p>Le <strong>Vase Boudin Bas Framboise<\/strong> a une forme haute et droite accentu\u00e9e par une bande d\u00e9corative. Cette bande de verre est souffl\u00e9e \u00e0 la bouche et appliqu\u00e9e \u00e0 la main sur le vase fini ; elle varie donc d&rsquo;un vase \u00e0 l&rsquo;autre, ce qui rend chacun d&rsquo;eux totalement unique ! Utilisez votre Vase Boudin Bas Framboise pour contenir vos fleurs pr\u00e9f\u00e9r\u00e9es, des ustensiles de cuisine, ou comme r\u00e9cipient pour les fruits. Souffl\u00e9 \u00e0 la bouche \u00e0 partir de verre recycl\u00e9 par nos ma\u00eetres artisans souffleurs de verre.<\/p>\n<p>Compl\u00e9tez-le avec notre <a href=\"https:\/\/www.lasoufflerie.com\/fr\/produit\/bouchon-terracotta-12cm-terre-cuite-fait-main\/\">Bouchon Terracotta 12cm<\/a> pour le transformer en un r\u00e9cipient unique et \u00e9l\u00e9gant.<\/p>\n","protected":false},"excerpt":{"rendered":"<p>Le Vase Boudin Bas Framboise a une forme haute et droite accentu\u00e9e par une bande d\u00e9corative. Cette bande de verre est souffl\u00e9e \u00e0 la bouche et appliqu\u00e9e \u00e0 la main sur le vase fini ; elle varie donc d&rsquo;un vase \u00e0 l&rsquo;autre, ce qui rend chacun d&rsquo;eux totalement unique ! Utilisez votre Vase Boudin Bas [&hellip;]<\/p>\n","protected":false},"featured_media":15292,"template":"","meta":{"_acf_changed":false},"product_brand":[],"product_cat":[1341,1634,1623,1343,1309],"product_tag":[],"class_list":{"0":"post-17644","1":"product","2":"type-product","3":"status-publish","4":"has-post-thumbnail","6":"product_cat-bocaux-recipients","7":"product_cat-cadeaux-a-moins-de-50e-idees-cadeaux","8":"product_cat-la-boutique","9":"product_cat-vases","10":"product_cat-a-la-maison","11":"product_shipping_class-large-product-fr","12":"pa_a-gift-for-lhote","13":"pa_a-gift-for-un-mariage","14":"pa_a-gift-for-under-50e-fr","15":"pa_colour-framboise","16":"pa_made-of-glass-fr","17":"pa_size-large-fr","19":"first","20":"instock","21":"taxable","22":"shipping-taxable","23":"purchasable","24":"product-type-simple"},"acf":[],"yoast_head":"<!-- This site is optimized with the Yoast SEO plugin v27.3 - https:\/\/yoast.com\/product\/yoast-seo-wordpress\/ -->\n<title>Vase Boudin Bas Framboise - La Soufflerie - Verre recycl\u00e9 souffl\u00e9 bouche<\/title>\n<meta name=\"description\" content=\"Achetez le Vase Boudin Bas Framboise. Souffl\u00e9 bouche en utilisant du verre recycl\u00e9 par nos artisans et disponible pour une exp\u00e9dition \u00e0 l&#039;international.\" \/>\n<meta name=\"robots\" content=\"index, follow, max-snippet:-1, max-image-preview:large, max-video-preview:-1\" \/>\n<link rel=\"canonical\" href=\"https:\/\/www.lasoufflerie.com\/fr\/produit\/vase-boudin-bas-framboise-verre-recycle-souffle-bouche\/\" \/>\n<meta property=\"og:locale\" content=\"fr_FR\" \/>\n<meta property=\"og:type\" content=\"article\" \/>\n<meta property=\"og:title\" content=\"Vase Boudin Bas Framboise - La Soufflerie - Verre recycl\u00e9 souffl\u00e9 bouche\" \/>\n<meta property=\"og:description\" content=\"Achetez le Vase Boudin Bas Framboise. Souffl\u00e9 bouche en utilisant du verre recycl\u00e9 par nos artisans et disponible pour une exp\u00e9dition \u00e0 l&#039;international.\" \/>\n<meta property=\"og:url\" content=\"https:\/\/www.lasoufflerie.com\/fr\/produit\/vase-boudin-bas-framboise-verre-recycle-souffle-bouche\/\" \/>\n<meta property=\"og:site_name\" content=\"La Soufflerie\" \/>\n<meta property=\"article:publisher\" content=\"https:\/\/facebook.com\/lasoufflerie\" \/>\n<meta property=\"article:modified_time\" content=\"2025-11-07T12:35:23+00:00\" \/>\n<meta property=\"og:image\" content=\"https:\/\/www.lasoufflerie.com\/wp-content\/uploads\/2023\/10\/IMG_8632-scaled.jpg\" \/>\n\t<meta property=\"og:image:width\" content=\"1920\" \/>\n\t<meta property=\"og:image:height\" content=\"2560\" \/>\n\t<meta property=\"og:image:type\" content=\"image\/jpeg\" \/>\n<meta name=\"twitter:card\" content=\"summary_large_image\" \/>\n<meta name=\"twitter:site\" content=\"@lasoufflerie\" \/>\n<meta name=\"twitter:label1\" content=\"Dur\u00e9e de lecture estim\u00e9e\" \/>\n\t<meta name=\"twitter:data1\" content=\"1 minute\" \/>\n<script type=\"application\/ld+json\" class=\"yoast-schema-graph\">{\"@context\":\"https:\\\/\\\/schema.org\",\"@graph\":[{\"@type\":\"WebPage\",\"@id\":\"https:\\\/\\\/www.lasoufflerie.com\\\/fr\\\/produit\\\/vase-boudin-bas-framboise-verre-recycle-souffle-bouche\\\/\",\"url\":\"https:\\\/\\\/www.lasoufflerie.com\\\/fr\\\/produit\\\/vase-boudin-bas-framboise-verre-recycle-souffle-bouche\\\/\",\"name\":\"Vase Boudin Bas Framboise - La Soufflerie - Verre recycl\u00e9 souffl\u00e9 bouche\",\"isPartOf\":{\"@id\":\"https:\\\/\\\/www.lasoufflerie.com\\\/fr\\\/#website\"},\"primaryImageOfPage\":{\"@id\":\"https:\\\/\\\/www.lasoufflerie.com\\\/fr\\\/produit\\\/vase-boudin-bas-framboise-verre-recycle-souffle-bouche\\\/#primaryimage\"},\"image\":{\"@id\":\"https:\\\/\\\/www.lasoufflerie.com\\\/fr\\\/produit\\\/vase-boudin-bas-framboise-verre-recycle-souffle-bouche\\\/#primaryimage\"},\"thumbnailUrl\":\"https:\\\/\\\/www.lasoufflerie.com\\\/wp-content\\\/uploads\\\/2023\\\/10\\\/IMG_8632-scaled.jpg\",\"datePublished\":\"2023-10-20T11:29:25+00:00\",\"dateModified\":\"2025-11-07T12:35:23+00:00\",\"description\":\"Achetez le Vase Boudin Bas Framboise. Souffl\u00e9 bouche en utilisant du verre recycl\u00e9 par nos artisans et disponible pour une exp\u00e9dition \u00e0 l'international.\",\"breadcrumb\":{\"@id\":\"https:\\\/\\\/www.lasoufflerie.com\\\/fr\\\/produit\\\/vase-boudin-bas-framboise-verre-recycle-souffle-bouche\\\/#breadcrumb\"},\"inLanguage\":\"fr-FR\",\"potentialAction\":[{\"@type\":\"ReadAction\",\"target\":[\"https:\\\/\\\/www.lasoufflerie.com\\\/fr\\\/produit\\\/vase-boudin-bas-framboise-verre-recycle-souffle-bouche\\\/\"]}]},{\"@type\":\"ImageObject\",\"inLanguage\":\"fr-FR\",\"@id\":\"https:\\\/\\\/www.lasoufflerie.com\\\/fr\\\/produit\\\/vase-boudin-bas-framboise-verre-recycle-souffle-bouche\\\/#primaryimage\",\"url\":\"https:\\\/\\\/www.lasoufflerie.com\\\/wp-content\\\/uploads\\\/2023\\\/10\\\/IMG_8632-scaled.jpg\",\"contentUrl\":\"https:\\\/\\\/www.lasoufflerie.com\\\/wp-content\\\/uploads\\\/2023\\\/10\\\/IMG_8632-scaled.jpg\",\"width\":1920,\"height\":2560},{\"@type\":\"BreadcrumbList\",\"@id\":\"https:\\\/\\\/www.lasoufflerie.com\\\/fr\\\/produit\\\/vase-boudin-bas-framboise-verre-recycle-souffle-bouche\\\/#breadcrumb\",\"itemListElement\":[{\"@type\":\"ListItem\",\"position\":1,\"name\":\"Home\",\"item\":\"https:\\\/\\\/www.lasoufflerie.com\\\/fr\\\/\"},{\"@type\":\"ListItem\",\"position\":2,\"name\":\"Shop all\",\"item\":\"https:\\\/\\\/www.lasoufflerie.com\\\/fr\\\/boutique\\\/\"},{\"@type\":\"ListItem\",\"position\":3,\"name\":\"Vase Boudin Bas Framboise\"}]},{\"@type\":\"WebSite\",\"@id\":\"https:\\\/\\\/www.lasoufflerie.com\\\/fr\\\/#website\",\"url\":\"https:\\\/\\\/www.lasoufflerie.com\\\/fr\\\/\",\"name\":\"La Soufflerie\",\"description\":\"Glass blowing craft\",\"publisher\":{\"@id\":\"https:\\\/\\\/www.lasoufflerie.com\\\/fr\\\/#organization\"},\"potentialAction\":[{\"@type\":\"SearchAction\",\"target\":{\"@type\":\"EntryPoint\",\"urlTemplate\":\"https:\\\/\\\/www.lasoufflerie.com\\\/fr\\\/?s={search_term_string}\"},\"query-input\":{\"@type\":\"PropertyValueSpecification\",\"valueRequired\":true,\"valueName\":\"search_term_string\"}}],\"inLanguage\":\"fr-FR\"},{\"@type\":\"Organization\",\"@id\":\"https:\\\/\\\/www.lasoufflerie.com\\\/fr\\\/#organization\",\"name\":\"La Soufflerie\",\"url\":\"https:\\\/\\\/www.lasoufflerie.com\\\/fr\\\/\",\"logo\":{\"@type\":\"ImageObject\",\"inLanguage\":\"fr-FR\",\"@id\":\"https:\\\/\\\/www.lasoufflerie.com\\\/fr\\\/#\\\/schema\\\/logo\\\/image\\\/\",\"url\":\"https:\\\/\\\/www.lasoufflerie.com\\\/wp-content\\\/uploads\\\/2023\\\/11\\\/Logo-La-Soufflerie-black.png\",\"contentUrl\":\"https:\\\/\\\/www.lasoufflerie.com\\\/wp-content\\\/uploads\\\/2023\\\/11\\\/Logo-La-Soufflerie-black.png\",\"width\":2362,\"height\":2362,\"caption\":\"La Soufflerie\"},\"image\":{\"@id\":\"https:\\\/\\\/www.lasoufflerie.com\\\/fr\\\/#\\\/schema\\\/logo\\\/image\\\/\"},\"sameAs\":[\"https:\\\/\\\/facebook.com\\\/lasoufflerie\",\"https:\\\/\\\/x.com\\\/lasoufflerie\",\"https:\\\/\\\/instagram.com\\\/lasoufflerie\",\"https:\\\/\\\/www.linkedin.com\\\/company\\\/9327780?trk=tyah&amp;amp;amp;trkInfo=clickedVertical:company,clickedEntityId:9327780,idx:2-1-2,tarId:1458824308330,tas:lasouff\",\"https:\\\/\\\/pinterest.com\\\/lasoufflerie\"]}]}<\/script>\n<!-- \/ Yoast SEO plugin. -->","yoast_head_json":{"title":"Vase Boudin Bas Framboise - La Soufflerie - Verre recycl\u00e9 souffl\u00e9 bouche","description":"Achetez le Vase Boudin Bas Framboise. Souffl\u00e9 bouche en utilisant du verre recycl\u00e9 par nos artisans et disponible pour une exp\u00e9dition \u00e0 l'international.","robots":{"index":"index","follow":"follow","max-snippet":"max-snippet:-1","max-image-preview":"max-image-preview:large","max-video-preview":"max-video-preview:-1"},"canonical":"https:\/\/www.lasoufflerie.com\/fr\/produit\/vase-boudin-bas-framboise-verre-recycle-souffle-bouche\/","og_locale":"fr_FR","og_type":"article","og_title":"Vase Boudin Bas Framboise - La Soufflerie - Verre recycl\u00e9 souffl\u00e9 bouche","og_description":"Achetez le Vase Boudin Bas Framboise. Souffl\u00e9 bouche en utilisant du verre recycl\u00e9 par nos artisans et disponible pour une exp\u00e9dition \u00e0 l'international.","og_url":"https:\/\/www.lasoufflerie.com\/fr\/produit\/vase-boudin-bas-framboise-verre-recycle-souffle-bouche\/","og_site_name":"La Soufflerie","article_publisher":"https:\/\/facebook.com\/lasoufflerie","article_modified_time":"2025-11-07T12:35:23+00:00","og_image":[{"width":1920,"height":2560,"url":"https:\/\/www.lasoufflerie.com\/wp-content\/uploads\/2023\/10\/IMG_8632-scaled.jpg","type":"image\/jpeg"}],"twitter_card":"summary_large_image","twitter_site":"@lasoufflerie","twitter_misc":{"Dur\u00e9e de lecture estim\u00e9e":"1 minute"},"schema":{"@context":"https:\/\/schema.org","@graph":[{"@type":"WebPage","@id":"https:\/\/www.lasoufflerie.com\/fr\/produit\/vase-boudin-bas-framboise-verre-recycle-souffle-bouche\/","url":"https:\/\/www.lasoufflerie.com\/fr\/produit\/vase-boudin-bas-framboise-verre-recycle-souffle-bouche\/","name":"Vase Boudin Bas Framboise - La Soufflerie - Verre recycl\u00e9 souffl\u00e9 bouche","isPartOf":{"@id":"https:\/\/www.lasoufflerie.com\/fr\/#website"},"primaryImageOfPage":{"@id":"https:\/\/www.lasoufflerie.com\/fr\/produit\/vase-boudin-bas-framboise-verre-recycle-souffle-bouche\/#primaryimage"},"image":{"@id":"https:\/\/www.lasoufflerie.com\/fr\/produit\/vase-boudin-bas-framboise-verre-recycle-souffle-bouche\/#primaryimage"},"thumbnailUrl":"https:\/\/www.lasoufflerie.com\/wp-content\/uploads\/2023\/10\/IMG_8632-scaled.jpg","datePublished":"2023-10-20T11:29:25+00:00","dateModified":"2025-11-07T12:35:23+00:00","description":"Achetez le Vase Boudin Bas Framboise. Souffl\u00e9 bouche en utilisant du verre recycl\u00e9 par nos artisans et disponible pour une exp\u00e9dition \u00e0 l'international.","breadcrumb":{"@id":"https:\/\/www.lasoufflerie.com\/fr\/produit\/vase-boudin-bas-framboise-verre-recycle-souffle-bouche\/#breadcrumb"},"inLanguage":"fr-FR","potentialAction":[{"@type":"ReadAction","target":["https:\/\/www.lasoufflerie.com\/fr\/produit\/vase-boudin-bas-framboise-verre-recycle-souffle-bouche\/"]}]},{"@type":"ImageObject","inLanguage":"fr-FR","@id":"https:\/\/www.lasoufflerie.com\/fr\/produit\/vase-boudin-bas-framboise-verre-recycle-souffle-bouche\/#primaryimage","url":"https:\/\/www.lasoufflerie.com\/wp-content\/uploads\/2023\/10\/IMG_8632-scaled.jpg","contentUrl":"https:\/\/www.lasoufflerie.com\/wp-content\/uploads\/2023\/10\/IMG_8632-scaled.jpg","width":1920,"height":2560},{"@type":"BreadcrumbList","@id":"https:\/\/www.lasoufflerie.com\/fr\/produit\/vase-boudin-bas-framboise-verre-recycle-souffle-bouche\/#breadcrumb","itemListElement":[{"@type":"ListItem","position":1,"name":"Home","item":"https:\/\/www.lasoufflerie.com\/fr\/"},{"@type":"ListItem","position":2,"name":"Shop all","item":"https:\/\/www.lasoufflerie.com\/fr\/boutique\/"},{"@type":"ListItem","position":3,"name":"Vase Boudin Bas Framboise"}]},{"@type":"WebSite","@id":"https:\/\/www.lasoufflerie.com\/fr\/#website","url":"https:\/\/www.lasoufflerie.com\/fr\/","name":"La Soufflerie","description":"Glass blowing craft","publisher":{"@id":"https:\/\/www.lasoufflerie.com\/fr\/#organization"},"potentialAction":[{"@type":"SearchAction","target":{"@type":"EntryPoint","urlTemplate":"https:\/\/www.lasoufflerie.com\/fr\/?s={search_term_string}"},"query-input":{"@type":"PropertyValueSpecification","valueRequired":true,"valueName":"search_term_string"}}],"inLanguage":"fr-FR"},{"@type":"Organization","@id":"https:\/\/www.lasoufflerie.com\/fr\/#organization","name":"La Soufflerie","url":"https:\/\/www.lasoufflerie.com\/fr\/","logo":{"@type":"ImageObject","inLanguage":"fr-FR","@id":"https:\/\/www.lasoufflerie.com\/fr\/#\/schema\/logo\/image\/","url":"https:\/\/www.lasoufflerie.com\/wp-content\/uploads\/2023\/11\/Logo-La-Soufflerie-black.png","contentUrl":"https:\/\/www.lasoufflerie.com\/wp-content\/uploads\/2023\/11\/Logo-La-Soufflerie-black.png","width":2362,"height":2362,"caption":"La Soufflerie"},"image":{"@id":"https:\/\/www.lasoufflerie.com\/fr\/#\/schema\/logo\/image\/"},"sameAs":["https:\/\/facebook.com\/lasoufflerie","https:\/\/x.com\/lasoufflerie","https:\/\/instagram.com\/lasoufflerie","https:\/\/www.linkedin.com\/company\/9327780?trk=tyah&amp;amp;amp;trkInfo=clickedVertical:company,clickedEntityId:9327780,idx:2-1-2,tarId:1458824308330,tas:lasouff","https:\/\/pinterest.com\/lasoufflerie"]}]}},"_links":{"self":[{"href":"https:\/\/www.lasoufflerie.com\/fr\/wp-json\/wp\/v2\/product\/17644","targetHints":{"allow":["GET"]}}],"collection":[{"href":"https:\/\/www.lasoufflerie.com\/fr\/wp-json\/wp\/v2\/product"}],"about":[{"href":"https:\/\/www.lasoufflerie.com\/fr\/wp-json\/wp\/v2\/types\/product"}],"version-history":[{"count":10,"href":"https:\/\/www.lasoufflerie.com\/fr\/wp-json\/wp\/v2\/product\/17644\/revisions"}],"predecessor-version":[{"id":66279,"href":"https:\/\/www.lasoufflerie.com\/fr\/wp-json\/wp\/v2\/product\/17644\/revisions\/66279"}],"wp:featuredmedia":[{"embeddable":true,"href":"https:\/\/www.lasoufflerie.com\/fr\/wp-json\/wp\/v2\/media\/15292"}],"wp:attachment":[{"href":"https:\/\/www.lasoufflerie.com\/fr\/wp-json\/wp\/v2\/media?parent=17644"}],"wp:term":[{"taxonomy":"product_brand","embeddable":true,"href":"https:\/\/www.lasoufflerie.com\/fr\/wp-json\/wp\/v2\/product_brand?post=17644"},{"taxonomy":"product_cat","embeddable":true,"href":"https:\/\/www.lasoufflerie.com\/fr\/wp-json\/wp\/v2\/product_cat?post=17644"},{"taxonomy":"product_tag","embeddable":true,"href":"https:\/\/www.lasoufflerie.com\/fr\/wp-json\/wp\/v2\/product_tag?post=17644"}],"curies":[{"name":"wp","href":"https:\/\/api.w.org\/{rel}","templated":true}]}}