{"id":17696,"date":"2023-08-23T22:01:02","date_gmt":"2023-08-23T20:01:02","guid":{"rendered":"https:\/\/www.lasoufflerie.com\/product\/assiette-10cm-framboise-glass-plate-handmade-handblown-mouthblown-recycled-glass-raspberry\/"},"modified":"2025-10-17T02:17:46","modified_gmt":"2025-10-17T00:17:46","slug":"assiette-10cm-framboise-verre-recycle-souffle-bouche","status":"publish","type":"product","link":"https:\/\/www.lasoufflerie.com\/fr\/produit\/assiette-10cm-framboise-verre-recycle-souffle-bouche\/","title":{"rendered":"Assiette 10cm Framboise"},"content":{"rendered":"<p>L&rsquo;<strong>Assiette 10cm Framboise<\/strong> est enti\u00e8rement souffl\u00e9e \u00e0 la main \u00e0 partir de verre recycl\u00e9. Chaque pi\u00e8ce est d&rsquo;abord souffl\u00e9e en boule puis ouverte et aplatie pour cr\u00e9er un petit plat. Les c\u00f4t\u00e9s sont repli\u00e9s pour cr\u00e9er une bordure au plat. L&rsquo;Assiette 10cm Framboise est la parfaite taille pour accueillir vos accompagnements culinaires comme le pain ou comme petit beurrier individuel. Vous pouvez \u00e9galement l&rsquo;utiliser dans votre salle de bain pour votre pain de savon.<\/p>\n","protected":false},"excerpt":{"rendered":"<p>L&rsquo;Assiette 10cm Framboise est enti\u00e8rement souffl\u00e9e \u00e0 la main \u00e0 partir de verre recycl\u00e9. Chaque pi\u00e8ce est d&rsquo;abord souffl\u00e9e en boule puis ouverte et aplatie pour cr\u00e9er un petit plat. Les c\u00f4t\u00e9s sont repli\u00e9s pour cr\u00e9er une bordure au plat. L&rsquo;Assiette 10cm Framboise est la parfaite taille pour accueillir vos accompagnements culinaires comme le pain [&hellip;]<\/p>\n","protected":false},"featured_media":12852,"template":"","meta":{"_acf_changed":false},"product_brand":[],"product_cat":[1312,1635,1623,1311],"product_tag":[],"class_list":{"0":"post-17696","1":"product","2":"type-product","3":"status-publish","4":"has-post-thumbnail","6":"product_cat-assiettes","7":"product_cat-cadeaux-a-moins-de-20e-idees-cadeaux","8":"product_cat-la-boutique","9":"product_cat-vaisselle","10":"pa_a-gift-for-her-fr","11":"pa_a-gift-for-lhote","12":"pa_a-gift-for-moins-de-20e","13":"pa_colour-framboise","14":"pa_made-of-glass-fr","15":"pa_size-petit","17":"first","18":"instock","19":"taxable","20":"shipping-taxable","21":"purchasable","22":"product-type-simple"},"acf":[],"yoast_head":"<!-- This site is optimized with the Yoast SEO plugin v27.3 - https:\/\/yoast.com\/product\/yoast-seo-wordpress\/ -->\n<title>Assiette 10cm Framboise - La Soufflerie - Verre recycl\u00e9 souffl\u00e9 bouche<\/title>\n<meta name=\"description\" content=\"Achetez l&#039;Assiette 10cm Framboise. Souffl\u00e9 \u00e0 la bouche en utilisant uniquement du verre recycl\u00e9 par nos ma\u00eetres artisans et disponible pour une exp\u00e9dition \u00e0 l&#039;international.\" \/>\n<meta name=\"robots\" content=\"index, follow, max-snippet:-1, max-image-preview:large, max-video-preview:-1\" \/>\n<link rel=\"canonical\" href=\"https:\/\/www.lasoufflerie.com\/fr\/produit\/assiette-10cm-framboise-verre-recycle-souffle-bouche\/\" \/>\n<meta property=\"og:locale\" content=\"fr_FR\" \/>\n<meta property=\"og:type\" content=\"article\" \/>\n<meta property=\"og:title\" content=\"Assiette 10cm Framboise - La Soufflerie - Verre recycl\u00e9 souffl\u00e9 bouche\" \/>\n<meta property=\"og:description\" content=\"Achetez l&#039;Assiette 10cm Framboise. Souffl\u00e9 \u00e0 la bouche en utilisant uniquement du verre recycl\u00e9 par nos ma\u00eetres artisans et disponible pour une exp\u00e9dition \u00e0 l&#039;international.\" \/>\n<meta property=\"og:url\" content=\"https:\/\/www.lasoufflerie.com\/fr\/produit\/assiette-10cm-framboise-verre-recycle-souffle-bouche\/\" \/>\n<meta property=\"og:site_name\" content=\"La Soufflerie\" \/>\n<meta property=\"article:publisher\" content=\"https:\/\/facebook.com\/lasoufflerie\" \/>\n<meta property=\"article:modified_time\" content=\"2025-10-17T00:17:46+00:00\" \/>\n<meta property=\"og:image\" content=\"https:\/\/www.lasoufflerie.com\/wp-content\/uploads\/2023\/12\/Assiette-10cm-Framboise-scaled-e1688370253223.jpg\" \/>\n\t<meta property=\"og:image:width\" content=\"810\" \/>\n\t<meta property=\"og:image:height\" content=\"1080\" \/>\n\t<meta property=\"og:image:type\" content=\"image\/jpeg\" \/>\n<meta name=\"twitter:card\" content=\"summary_large_image\" \/>\n<meta name=\"twitter:site\" content=\"@lasoufflerie\" \/>\n<script type=\"application\/ld+json\" class=\"yoast-schema-graph\">{\"@context\":\"https:\\\/\\\/schema.org\",\"@graph\":[{\"@type\":\"WebPage\",\"@id\":\"https:\\\/\\\/www.lasoufflerie.com\\\/fr\\\/produit\\\/assiette-10cm-framboise-verre-recycle-souffle-bouche\\\/\",\"url\":\"https:\\\/\\\/www.lasoufflerie.com\\\/fr\\\/produit\\\/assiette-10cm-framboise-verre-recycle-souffle-bouche\\\/\",\"name\":\"Assiette 10cm Framboise - La Soufflerie - Verre recycl\u00e9 souffl\u00e9 bouche\",\"isPartOf\":{\"@id\":\"https:\\\/\\\/www.lasoufflerie.com\\\/fr\\\/#website\"},\"primaryImageOfPage\":{\"@id\":\"https:\\\/\\\/www.lasoufflerie.com\\\/fr\\\/produit\\\/assiette-10cm-framboise-verre-recycle-souffle-bouche\\\/#primaryimage\"},\"image\":{\"@id\":\"https:\\\/\\\/www.lasoufflerie.com\\\/fr\\\/produit\\\/assiette-10cm-framboise-verre-recycle-souffle-bouche\\\/#primaryimage\"},\"thumbnailUrl\":\"https:\\\/\\\/www.lasoufflerie.com\\\/wp-content\\\/uploads\\\/2023\\\/12\\\/Assiette-10cm-Framboise-scaled-e1688370253223.jpg\",\"datePublished\":\"2023-08-23T20:01:02+00:00\",\"dateModified\":\"2025-10-17T00:17:46+00:00\",\"description\":\"Achetez l'Assiette 10cm Framboise. Souffl\u00e9 \u00e0 la bouche en utilisant uniquement du verre recycl\u00e9 par nos ma\u00eetres artisans et disponible pour une exp\u00e9dition \u00e0 l'international.\",\"breadcrumb\":{\"@id\":\"https:\\\/\\\/www.lasoufflerie.com\\\/fr\\\/produit\\\/assiette-10cm-framboise-verre-recycle-souffle-bouche\\\/#breadcrumb\"},\"inLanguage\":\"fr-FR\",\"potentialAction\":[{\"@type\":\"ReadAction\",\"target\":[\"https:\\\/\\\/www.lasoufflerie.com\\\/fr\\\/produit\\\/assiette-10cm-framboise-verre-recycle-souffle-bouche\\\/\"]}]},{\"@type\":\"ImageObject\",\"inLanguage\":\"fr-FR\",\"@id\":\"https:\\\/\\\/www.lasoufflerie.com\\\/fr\\\/produit\\\/assiette-10cm-framboise-verre-recycle-souffle-bouche\\\/#primaryimage\",\"url\":\"https:\\\/\\\/www.lasoufflerie.com\\\/wp-content\\\/uploads\\\/2023\\\/12\\\/Assiette-10cm-Framboise-scaled-e1688370253223.jpg\",\"contentUrl\":\"https:\\\/\\\/www.lasoufflerie.com\\\/wp-content\\\/uploads\\\/2023\\\/12\\\/Assiette-10cm-Framboise-scaled-e1688370253223.jpg\",\"width\":810,\"height\":1080},{\"@type\":\"BreadcrumbList\",\"@id\":\"https:\\\/\\\/www.lasoufflerie.com\\\/fr\\\/produit\\\/assiette-10cm-framboise-verre-recycle-souffle-bouche\\\/#breadcrumb\",\"itemListElement\":[{\"@type\":\"ListItem\",\"position\":1,\"name\":\"Home\",\"item\":\"https:\\\/\\\/www.lasoufflerie.com\\\/fr\\\/\"},{\"@type\":\"ListItem\",\"position\":2,\"name\":\"Shop all\",\"item\":\"https:\\\/\\\/www.lasoufflerie.com\\\/fr\\\/boutique\\\/\"},{\"@type\":\"ListItem\",\"position\":3,\"name\":\"Assiette 10cm Framboise\"}]},{\"@type\":\"WebSite\",\"@id\":\"https:\\\/\\\/www.lasoufflerie.com\\\/fr\\\/#website\",\"url\":\"https:\\\/\\\/www.lasoufflerie.com\\\/fr\\\/\",\"name\":\"La Soufflerie\",\"description\":\"Glass blowing craft\",\"publisher\":{\"@id\":\"https:\\\/\\\/www.lasoufflerie.com\\\/fr\\\/#organization\"},\"potentialAction\":[{\"@type\":\"SearchAction\",\"target\":{\"@type\":\"EntryPoint\",\"urlTemplate\":\"https:\\\/\\\/www.lasoufflerie.com\\\/fr\\\/?s={search_term_string}\"},\"query-input\":{\"@type\":\"PropertyValueSpecification\",\"valueRequired\":true,\"valueName\":\"search_term_string\"}}],\"inLanguage\":\"fr-FR\"},{\"@type\":\"Organization\",\"@id\":\"https:\\\/\\\/www.lasoufflerie.com\\\/fr\\\/#organization\",\"name\":\"La Soufflerie\",\"url\":\"https:\\\/\\\/www.lasoufflerie.com\\\/fr\\\/\",\"logo\":{\"@type\":\"ImageObject\",\"inLanguage\":\"fr-FR\",\"@id\":\"https:\\\/\\\/www.lasoufflerie.com\\\/fr\\\/#\\\/schema\\\/logo\\\/image\\\/\",\"url\":\"https:\\\/\\\/www.lasoufflerie.com\\\/wp-content\\\/uploads\\\/2023\\\/11\\\/Logo-La-Soufflerie-black.png\",\"contentUrl\":\"https:\\\/\\\/www.lasoufflerie.com\\\/wp-content\\\/uploads\\\/2023\\\/11\\\/Logo-La-Soufflerie-black.png\",\"width\":2362,\"height\":2362,\"caption\":\"La Soufflerie\"},\"image\":{\"@id\":\"https:\\\/\\\/www.lasoufflerie.com\\\/fr\\\/#\\\/schema\\\/logo\\\/image\\\/\"},\"sameAs\":[\"https:\\\/\\\/facebook.com\\\/lasoufflerie\",\"https:\\\/\\\/x.com\\\/lasoufflerie\",\"https:\\\/\\\/instagram.com\\\/lasoufflerie\",\"https:\\\/\\\/www.linkedin.com\\\/company\\\/9327780?trk=tyah&amp;amp;amp;trkInfo=clickedVertical:company,clickedEntityId:9327780,idx:2-1-2,tarId:1458824308330,tas:lasouff\",\"https:\\\/\\\/pinterest.com\\\/lasoufflerie\"]}]}<\/script>\n<!-- \/ Yoast SEO plugin. -->","yoast_head_json":{"title":"Assiette 10cm Framboise - La Soufflerie - Verre recycl\u00e9 souffl\u00e9 bouche","description":"Achetez l'Assiette 10cm Framboise. Souffl\u00e9 \u00e0 la bouche en utilisant uniquement du verre recycl\u00e9 par nos ma\u00eetres artisans et disponible pour une exp\u00e9dition \u00e0 l'international.","robots":{"index":"index","follow":"follow","max-snippet":"max-snippet:-1","max-image-preview":"max-image-preview:large","max-video-preview":"max-video-preview:-1"},"canonical":"https:\/\/www.lasoufflerie.com\/fr\/produit\/assiette-10cm-framboise-verre-recycle-souffle-bouche\/","og_locale":"fr_FR","og_type":"article","og_title":"Assiette 10cm Framboise - La Soufflerie - Verre recycl\u00e9 souffl\u00e9 bouche","og_description":"Achetez l'Assiette 10cm Framboise. Souffl\u00e9 \u00e0 la bouche en utilisant uniquement du verre recycl\u00e9 par nos ma\u00eetres artisans et disponible pour une exp\u00e9dition \u00e0 l'international.","og_url":"https:\/\/www.lasoufflerie.com\/fr\/produit\/assiette-10cm-framboise-verre-recycle-souffle-bouche\/","og_site_name":"La Soufflerie","article_publisher":"https:\/\/facebook.com\/lasoufflerie","article_modified_time":"2025-10-17T00:17:46+00:00","og_image":[{"width":810,"height":1080,"url":"https:\/\/www.lasoufflerie.com\/wp-content\/uploads\/2023\/12\/Assiette-10cm-Framboise-scaled-e1688370253223.jpg","type":"image\/jpeg"}],"twitter_card":"summary_large_image","twitter_site":"@lasoufflerie","schema":{"@context":"https:\/\/schema.org","@graph":[{"@type":"WebPage","@id":"https:\/\/www.lasoufflerie.com\/fr\/produit\/assiette-10cm-framboise-verre-recycle-souffle-bouche\/","url":"https:\/\/www.lasoufflerie.com\/fr\/produit\/assiette-10cm-framboise-verre-recycle-souffle-bouche\/","name":"Assiette 10cm Framboise - La Soufflerie - Verre recycl\u00e9 souffl\u00e9 bouche","isPartOf":{"@id":"https:\/\/www.lasoufflerie.com\/fr\/#website"},"primaryImageOfPage":{"@id":"https:\/\/www.lasoufflerie.com\/fr\/produit\/assiette-10cm-framboise-verre-recycle-souffle-bouche\/#primaryimage"},"image":{"@id":"https:\/\/www.lasoufflerie.com\/fr\/produit\/assiette-10cm-framboise-verre-recycle-souffle-bouche\/#primaryimage"},"thumbnailUrl":"https:\/\/www.lasoufflerie.com\/wp-content\/uploads\/2023\/12\/Assiette-10cm-Framboise-scaled-e1688370253223.jpg","datePublished":"2023-08-23T20:01:02+00:00","dateModified":"2025-10-17T00:17:46+00:00","description":"Achetez l'Assiette 10cm Framboise. Souffl\u00e9 \u00e0 la bouche en utilisant uniquement du verre recycl\u00e9 par nos ma\u00eetres artisans et disponible pour une exp\u00e9dition \u00e0 l'international.","breadcrumb":{"@id":"https:\/\/www.lasoufflerie.com\/fr\/produit\/assiette-10cm-framboise-verre-recycle-souffle-bouche\/#breadcrumb"},"inLanguage":"fr-FR","potentialAction":[{"@type":"ReadAction","target":["https:\/\/www.lasoufflerie.com\/fr\/produit\/assiette-10cm-framboise-verre-recycle-souffle-bouche\/"]}]},{"@type":"ImageObject","inLanguage":"fr-FR","@id":"https:\/\/www.lasoufflerie.com\/fr\/produit\/assiette-10cm-framboise-verre-recycle-souffle-bouche\/#primaryimage","url":"https:\/\/www.lasoufflerie.com\/wp-content\/uploads\/2023\/12\/Assiette-10cm-Framboise-scaled-e1688370253223.jpg","contentUrl":"https:\/\/www.lasoufflerie.com\/wp-content\/uploads\/2023\/12\/Assiette-10cm-Framboise-scaled-e1688370253223.jpg","width":810,"height":1080},{"@type":"BreadcrumbList","@id":"https:\/\/www.lasoufflerie.com\/fr\/produit\/assiette-10cm-framboise-verre-recycle-souffle-bouche\/#breadcrumb","itemListElement":[{"@type":"ListItem","position":1,"name":"Home","item":"https:\/\/www.lasoufflerie.com\/fr\/"},{"@type":"ListItem","position":2,"name":"Shop all","item":"https:\/\/www.lasoufflerie.com\/fr\/boutique\/"},{"@type":"ListItem","position":3,"name":"Assiette 10cm Framboise"}]},{"@type":"WebSite","@id":"https:\/\/www.lasoufflerie.com\/fr\/#website","url":"https:\/\/www.lasoufflerie.com\/fr\/","name":"La Soufflerie","description":"Glass blowing craft","publisher":{"@id":"https:\/\/www.lasoufflerie.com\/fr\/#organization"},"potentialAction":[{"@type":"SearchAction","target":{"@type":"EntryPoint","urlTemplate":"https:\/\/www.lasoufflerie.com\/fr\/?s={search_term_string}"},"query-input":{"@type":"PropertyValueSpecification","valueRequired":true,"valueName":"search_term_string"}}],"inLanguage":"fr-FR"},{"@type":"Organization","@id":"https:\/\/www.lasoufflerie.com\/fr\/#organization","name":"La Soufflerie","url":"https:\/\/www.lasoufflerie.com\/fr\/","logo":{"@type":"ImageObject","inLanguage":"fr-FR","@id":"https:\/\/www.lasoufflerie.com\/fr\/#\/schema\/logo\/image\/","url":"https:\/\/www.lasoufflerie.com\/wp-content\/uploads\/2023\/11\/Logo-La-Soufflerie-black.png","contentUrl":"https:\/\/www.lasoufflerie.com\/wp-content\/uploads\/2023\/11\/Logo-La-Soufflerie-black.png","width":2362,"height":2362,"caption":"La Soufflerie"},"image":{"@id":"https:\/\/www.lasoufflerie.com\/fr\/#\/schema\/logo\/image\/"},"sameAs":["https:\/\/facebook.com\/lasoufflerie","https:\/\/x.com\/lasoufflerie","https:\/\/instagram.com\/lasoufflerie","https:\/\/www.linkedin.com\/company\/9327780?trk=tyah&amp;amp;amp;trkInfo=clickedVertical:company,clickedEntityId:9327780,idx:2-1-2,tarId:1458824308330,tas:lasouff","https:\/\/pinterest.com\/lasoufflerie"]}]}},"_links":{"self":[{"href":"https:\/\/www.lasoufflerie.com\/fr\/wp-json\/wp\/v2\/product\/17696","targetHints":{"allow":["GET"]}}],"collection":[{"href":"https:\/\/www.lasoufflerie.com\/fr\/wp-json\/wp\/v2\/product"}],"about":[{"href":"https:\/\/www.lasoufflerie.com\/fr\/wp-json\/wp\/v2\/types\/product"}],"version-history":[{"count":7,"href":"https:\/\/www.lasoufflerie.com\/fr\/wp-json\/wp\/v2\/product\/17696\/revisions"}],"predecessor-version":[{"id":58644,"href":"https:\/\/www.lasoufflerie.com\/fr\/wp-json\/wp\/v2\/product\/17696\/revisions\/58644"}],"wp:featuredmedia":[{"embeddable":true,"href":"https:\/\/www.lasoufflerie.com\/fr\/wp-json\/wp\/v2\/media\/12852"}],"wp:attachment":[{"href":"https:\/\/www.lasoufflerie.com\/fr\/wp-json\/wp\/v2\/media?parent=17696"}],"wp:term":[{"taxonomy":"product_brand","embeddable":true,"href":"https:\/\/www.lasoufflerie.com\/fr\/wp-json\/wp\/v2\/product_brand?post=17696"},{"taxonomy":"product_cat","embeddable":true,"href":"https:\/\/www.lasoufflerie.com\/fr\/wp-json\/wp\/v2\/product_cat?post=17696"},{"taxonomy":"product_tag","embeddable":true,"href":"https:\/\/www.lasoufflerie.com\/fr\/wp-json\/wp\/v2\/product_tag?post=17696"}],"curies":[{"name":"wp","href":"https:\/\/api.w.org\/{rel}","templated":true}]}}