{"id":17760,"date":"2022-11-25T14:23:05","date_gmt":"2022-11-25T13:23:05","guid":{"rendered":"https:\/\/www.lasoufflerie.com\/product\/porta-candele-turquoise-bougeoir-verre-recycle-fait-main-verre-souffle-main-verre-souffle-bouche\/"},"modified":"2025-09-19T16:21:26","modified_gmt":"2025-09-19T14:21:26","slug":"porta-candele-turquoise-bougeoir-verre-recycle-souffle-bouche","status":"publish","type":"product","link":"https:\/\/www.lasoufflerie.com\/fr\/produit\/porta-candele-turquoise-bougeoir-verre-recycle-souffle-bouche\/","title":{"rendered":"Porta Candele Turquoise"},"content":{"rendered":"<p>Le bougeoir en verre <strong>Porta Candele Turquoise<\/strong> apporte une touche raffin\u00e9e et classique \u00e0 tout espace et offre une polyvalence en tant que bougeoir et vase \u00e0 bourgeons. Avec sa forme intemporelle, cette pi\u00e8ce met magnifiquement en valeur la chaleur de la lumi\u00e8re d&rsquo;une bougie ou le charme d&rsquo;une simple fleur. Exposez-le seul ou associez-le \u00e0 notre Porta Candele avec poign\u00e9e et \u00e0 notre Porta Candele Piccolo pour un effet superpos\u00e9. Souffl\u00e9 \u00e0 la bouche \u00e0 partir de verre recycl\u00e9 par des artisans qualifi\u00e9s, le Porta Candele Turquoise met en valeur le travail traditionnel du verre avec une touche de durabilit\u00e9. Cette pi\u00e8ce adaptable cr\u00e9e sans effort une ambiance chaleureuse et accueillante avec un soup\u00e7on de sophistication italienne.    <\/p>\n","protected":false},"excerpt":{"rendered":"<p>Le bougeoir en verre Porta Candele Turquoise apporte une touche raffin\u00e9e et classique \u00e0 tout espace et offre une polyvalence en tant que bougeoir et vase \u00e0 bourgeons. Avec sa forme intemporelle, cette pi\u00e8ce met magnifiquement en valeur la chaleur de la lumi\u00e8re d&rsquo;une bougie ou le charme d&rsquo;une simple fleur. Exposez-le seul ou associez-le [&hellip;]<\/p>\n","protected":false},"featured_media":12536,"template":"","meta":{"_acf_changed":false},"product_brand":[],"product_cat":[1328,1634,1623,1637,1308],"product_tag":[],"class_list":{"0":"post-17760","1":"product","2":"type-product","3":"status-publish","4":"has-post-thumbnail","6":"product_cat-bougeoirs","7":"product_cat-cadeaux-a-moins-de-50e-idees-cadeaux","8":"product_cat-la-boutique","9":"product_cat-pour-mon-amour-idees-cadeaux","10":"product_cat-bougies-et-bougeoirs","11":"product_shipping_class-medium-product-fr","12":"pa_a-gift-for-her-fr","13":"pa_a-gift-for-under-50e-fr","14":"pa_a-gift-for-your-lover-fr","15":"pa_colour-bleu","16":"pa_made-of-glass-fr","17":"pa_size-medium-fr","19":"first","20":"instock","21":"taxable","22":"shipping-taxable","23":"purchasable","24":"product-type-simple"},"acf":[],"yoast_head":"<!-- This site is optimized with the Yoast SEO plugin v27.3 - https:\/\/yoast.com\/product\/yoast-seo-wordpress\/ -->\n<title>Porta Candele Turquoise - La Soufflerie- Verre recycl\u00e9 souffl\u00e9 \u00e0 la bouche<\/title>\n<meta name=\"description\" content=\"Magasinez le bougeoir Porta Candele Turquoise. Souffl\u00e9 \u00e0 la bouche \u00e0 partir de verre recycl\u00e9 par nos ma\u00eetres artisans souffleurs de verre.\" \/>\n<meta name=\"robots\" content=\"index, follow, max-snippet:-1, max-image-preview:large, max-video-preview:-1\" \/>\n<link rel=\"canonical\" href=\"https:\/\/www.lasoufflerie.com\/fr\/produit\/porta-candele-turquoise-bougeoir-verre-recycle-souffle-bouche\/\" \/>\n<meta property=\"og:locale\" content=\"fr_FR\" \/>\n<meta property=\"og:type\" content=\"article\" \/>\n<meta property=\"og:title\" content=\"Porta Candele Turquoise - La Soufflerie- Verre recycl\u00e9 souffl\u00e9 \u00e0 la bouche\" \/>\n<meta property=\"og:description\" content=\"Magasinez le bougeoir Porta Candele Turquoise. Souffl\u00e9 \u00e0 la bouche \u00e0 partir de verre recycl\u00e9 par nos ma\u00eetres artisans souffleurs de verre.\" \/>\n<meta property=\"og:url\" content=\"https:\/\/www.lasoufflerie.com\/fr\/produit\/porta-candele-turquoise-bougeoir-verre-recycle-souffle-bouche\/\" \/>\n<meta property=\"og:site_name\" content=\"La Soufflerie\" \/>\n<meta property=\"article:publisher\" content=\"https:\/\/facebook.com\/lasoufflerie\" \/>\n<meta property=\"article:modified_time\" content=\"2025-09-19T14:21:26+00:00\" \/>\n<meta property=\"og:image\" content=\"https:\/\/www.lasoufflerie.com\/wp-content\/uploads\/2023\/12\/Porta-Candele-Turquoise-scaled-e1684745168469.jpg\" \/>\n\t<meta property=\"og:image:width\" content=\"810\" \/>\n\t<meta property=\"og:image:height\" content=\"1080\" \/>\n\t<meta property=\"og:image:type\" content=\"image\/jpeg\" \/>\n<meta name=\"twitter:card\" content=\"summary_large_image\" \/>\n<meta name=\"twitter:site\" content=\"@lasoufflerie\" \/>\n<meta name=\"twitter:label1\" content=\"Dur\u00e9e de lecture estim\u00e9e\" \/>\n\t<meta name=\"twitter:data1\" content=\"1 minute\" \/>\n<script type=\"application\/ld+json\" class=\"yoast-schema-graph\">{\"@context\":\"https:\\\/\\\/schema.org\",\"@graph\":[{\"@type\":\"WebPage\",\"@id\":\"https:\\\/\\\/www.lasoufflerie.com\\\/fr\\\/produit\\\/porta-candele-turquoise-bougeoir-verre-recycle-souffle-bouche\\\/\",\"url\":\"https:\\\/\\\/www.lasoufflerie.com\\\/fr\\\/produit\\\/porta-candele-turquoise-bougeoir-verre-recycle-souffle-bouche\\\/\",\"name\":\"Porta Candele Turquoise - La Soufflerie- Verre recycl\u00e9 souffl\u00e9 \u00e0 la bouche\",\"isPartOf\":{\"@id\":\"https:\\\/\\\/www.lasoufflerie.com\\\/fr\\\/#website\"},\"primaryImageOfPage\":{\"@id\":\"https:\\\/\\\/www.lasoufflerie.com\\\/fr\\\/produit\\\/porta-candele-turquoise-bougeoir-verre-recycle-souffle-bouche\\\/#primaryimage\"},\"image\":{\"@id\":\"https:\\\/\\\/www.lasoufflerie.com\\\/fr\\\/produit\\\/porta-candele-turquoise-bougeoir-verre-recycle-souffle-bouche\\\/#primaryimage\"},\"thumbnailUrl\":\"https:\\\/\\\/www.lasoufflerie.com\\\/wp-content\\\/uploads\\\/2023\\\/12\\\/Porta-Candele-Turquoise-scaled-e1684745168469.jpg\",\"datePublished\":\"2022-11-25T13:23:05+00:00\",\"dateModified\":\"2025-09-19T14:21:26+00:00\",\"description\":\"Magasinez le bougeoir Porta Candele Turquoise. Souffl\u00e9 \u00e0 la bouche \u00e0 partir de verre recycl\u00e9 par nos ma\u00eetres artisans souffleurs de verre.\",\"breadcrumb\":{\"@id\":\"https:\\\/\\\/www.lasoufflerie.com\\\/fr\\\/produit\\\/porta-candele-turquoise-bougeoir-verre-recycle-souffle-bouche\\\/#breadcrumb\"},\"inLanguage\":\"fr-FR\",\"potentialAction\":[{\"@type\":\"ReadAction\",\"target\":[\"https:\\\/\\\/www.lasoufflerie.com\\\/fr\\\/produit\\\/porta-candele-turquoise-bougeoir-verre-recycle-souffle-bouche\\\/\"]}]},{\"@type\":\"ImageObject\",\"inLanguage\":\"fr-FR\",\"@id\":\"https:\\\/\\\/www.lasoufflerie.com\\\/fr\\\/produit\\\/porta-candele-turquoise-bougeoir-verre-recycle-souffle-bouche\\\/#primaryimage\",\"url\":\"https:\\\/\\\/www.lasoufflerie.com\\\/wp-content\\\/uploads\\\/2023\\\/12\\\/Porta-Candele-Turquoise-scaled-e1684745168469.jpg\",\"contentUrl\":\"https:\\\/\\\/www.lasoufflerie.com\\\/wp-content\\\/uploads\\\/2023\\\/12\\\/Porta-Candele-Turquoise-scaled-e1684745168469.jpg\",\"width\":810,\"height\":1080},{\"@type\":\"BreadcrumbList\",\"@id\":\"https:\\\/\\\/www.lasoufflerie.com\\\/fr\\\/produit\\\/porta-candele-turquoise-bougeoir-verre-recycle-souffle-bouche\\\/#breadcrumb\",\"itemListElement\":[{\"@type\":\"ListItem\",\"position\":1,\"name\":\"Home\",\"item\":\"https:\\\/\\\/www.lasoufflerie.com\\\/fr\\\/\"},{\"@type\":\"ListItem\",\"position\":2,\"name\":\"Shop all\",\"item\":\"https:\\\/\\\/www.lasoufflerie.com\\\/fr\\\/boutique\\\/\"},{\"@type\":\"ListItem\",\"position\":3,\"name\":\"Porta Candele Turquoise\"}]},{\"@type\":\"WebSite\",\"@id\":\"https:\\\/\\\/www.lasoufflerie.com\\\/fr\\\/#website\",\"url\":\"https:\\\/\\\/www.lasoufflerie.com\\\/fr\\\/\",\"name\":\"La Soufflerie\",\"description\":\"Glass blowing craft\",\"publisher\":{\"@id\":\"https:\\\/\\\/www.lasoufflerie.com\\\/fr\\\/#organization\"},\"potentialAction\":[{\"@type\":\"SearchAction\",\"target\":{\"@type\":\"EntryPoint\",\"urlTemplate\":\"https:\\\/\\\/www.lasoufflerie.com\\\/fr\\\/?s={search_term_string}\"},\"query-input\":{\"@type\":\"PropertyValueSpecification\",\"valueRequired\":true,\"valueName\":\"search_term_string\"}}],\"inLanguage\":\"fr-FR\"},{\"@type\":\"Organization\",\"@id\":\"https:\\\/\\\/www.lasoufflerie.com\\\/fr\\\/#organization\",\"name\":\"La Soufflerie\",\"url\":\"https:\\\/\\\/www.lasoufflerie.com\\\/fr\\\/\",\"logo\":{\"@type\":\"ImageObject\",\"inLanguage\":\"fr-FR\",\"@id\":\"https:\\\/\\\/www.lasoufflerie.com\\\/fr\\\/#\\\/schema\\\/logo\\\/image\\\/\",\"url\":\"https:\\\/\\\/www.lasoufflerie.com\\\/wp-content\\\/uploads\\\/2023\\\/11\\\/Logo-La-Soufflerie-black.png\",\"contentUrl\":\"https:\\\/\\\/www.lasoufflerie.com\\\/wp-content\\\/uploads\\\/2023\\\/11\\\/Logo-La-Soufflerie-black.png\",\"width\":2362,\"height\":2362,\"caption\":\"La Soufflerie\"},\"image\":{\"@id\":\"https:\\\/\\\/www.lasoufflerie.com\\\/fr\\\/#\\\/schema\\\/logo\\\/image\\\/\"},\"sameAs\":[\"https:\\\/\\\/facebook.com\\\/lasoufflerie\",\"https:\\\/\\\/x.com\\\/lasoufflerie\",\"https:\\\/\\\/instagram.com\\\/lasoufflerie\",\"https:\\\/\\\/www.linkedin.com\\\/company\\\/9327780?trk=tyah&amp;amp;amp;trkInfo=clickedVertical:company,clickedEntityId:9327780,idx:2-1-2,tarId:1458824308330,tas:lasouff\",\"https:\\\/\\\/pinterest.com\\\/lasoufflerie\"]}]}<\/script>\n<!-- \/ Yoast SEO plugin. -->","yoast_head_json":{"title":"Porta Candele Turquoise - La Soufflerie- Verre recycl\u00e9 souffl\u00e9 \u00e0 la bouche","description":"Magasinez le bougeoir Porta Candele Turquoise. Souffl\u00e9 \u00e0 la bouche \u00e0 partir de verre recycl\u00e9 par nos ma\u00eetres artisans souffleurs de verre.","robots":{"index":"index","follow":"follow","max-snippet":"max-snippet:-1","max-image-preview":"max-image-preview:large","max-video-preview":"max-video-preview:-1"},"canonical":"https:\/\/www.lasoufflerie.com\/fr\/produit\/porta-candele-turquoise-bougeoir-verre-recycle-souffle-bouche\/","og_locale":"fr_FR","og_type":"article","og_title":"Porta Candele Turquoise - La Soufflerie- Verre recycl\u00e9 souffl\u00e9 \u00e0 la bouche","og_description":"Magasinez le bougeoir Porta Candele Turquoise. Souffl\u00e9 \u00e0 la bouche \u00e0 partir de verre recycl\u00e9 par nos ma\u00eetres artisans souffleurs de verre.","og_url":"https:\/\/www.lasoufflerie.com\/fr\/produit\/porta-candele-turquoise-bougeoir-verre-recycle-souffle-bouche\/","og_site_name":"La Soufflerie","article_publisher":"https:\/\/facebook.com\/lasoufflerie","article_modified_time":"2025-09-19T14:21:26+00:00","og_image":[{"width":810,"height":1080,"url":"https:\/\/www.lasoufflerie.com\/wp-content\/uploads\/2023\/12\/Porta-Candele-Turquoise-scaled-e1684745168469.jpg","type":"image\/jpeg"}],"twitter_card":"summary_large_image","twitter_site":"@lasoufflerie","twitter_misc":{"Dur\u00e9e de lecture estim\u00e9e":"1 minute"},"schema":{"@context":"https:\/\/schema.org","@graph":[{"@type":"WebPage","@id":"https:\/\/www.lasoufflerie.com\/fr\/produit\/porta-candele-turquoise-bougeoir-verre-recycle-souffle-bouche\/","url":"https:\/\/www.lasoufflerie.com\/fr\/produit\/porta-candele-turquoise-bougeoir-verre-recycle-souffle-bouche\/","name":"Porta Candele Turquoise - La Soufflerie- Verre recycl\u00e9 souffl\u00e9 \u00e0 la bouche","isPartOf":{"@id":"https:\/\/www.lasoufflerie.com\/fr\/#website"},"primaryImageOfPage":{"@id":"https:\/\/www.lasoufflerie.com\/fr\/produit\/porta-candele-turquoise-bougeoir-verre-recycle-souffle-bouche\/#primaryimage"},"image":{"@id":"https:\/\/www.lasoufflerie.com\/fr\/produit\/porta-candele-turquoise-bougeoir-verre-recycle-souffle-bouche\/#primaryimage"},"thumbnailUrl":"https:\/\/www.lasoufflerie.com\/wp-content\/uploads\/2023\/12\/Porta-Candele-Turquoise-scaled-e1684745168469.jpg","datePublished":"2022-11-25T13:23:05+00:00","dateModified":"2025-09-19T14:21:26+00:00","description":"Magasinez le bougeoir Porta Candele Turquoise. Souffl\u00e9 \u00e0 la bouche \u00e0 partir de verre recycl\u00e9 par nos ma\u00eetres artisans souffleurs de verre.","breadcrumb":{"@id":"https:\/\/www.lasoufflerie.com\/fr\/produit\/porta-candele-turquoise-bougeoir-verre-recycle-souffle-bouche\/#breadcrumb"},"inLanguage":"fr-FR","potentialAction":[{"@type":"ReadAction","target":["https:\/\/www.lasoufflerie.com\/fr\/produit\/porta-candele-turquoise-bougeoir-verre-recycle-souffle-bouche\/"]}]},{"@type":"ImageObject","inLanguage":"fr-FR","@id":"https:\/\/www.lasoufflerie.com\/fr\/produit\/porta-candele-turquoise-bougeoir-verre-recycle-souffle-bouche\/#primaryimage","url":"https:\/\/www.lasoufflerie.com\/wp-content\/uploads\/2023\/12\/Porta-Candele-Turquoise-scaled-e1684745168469.jpg","contentUrl":"https:\/\/www.lasoufflerie.com\/wp-content\/uploads\/2023\/12\/Porta-Candele-Turquoise-scaled-e1684745168469.jpg","width":810,"height":1080},{"@type":"BreadcrumbList","@id":"https:\/\/www.lasoufflerie.com\/fr\/produit\/porta-candele-turquoise-bougeoir-verre-recycle-souffle-bouche\/#breadcrumb","itemListElement":[{"@type":"ListItem","position":1,"name":"Home","item":"https:\/\/www.lasoufflerie.com\/fr\/"},{"@type":"ListItem","position":2,"name":"Shop all","item":"https:\/\/www.lasoufflerie.com\/fr\/boutique\/"},{"@type":"ListItem","position":3,"name":"Porta Candele Turquoise"}]},{"@type":"WebSite","@id":"https:\/\/www.lasoufflerie.com\/fr\/#website","url":"https:\/\/www.lasoufflerie.com\/fr\/","name":"La Soufflerie","description":"Glass blowing craft","publisher":{"@id":"https:\/\/www.lasoufflerie.com\/fr\/#organization"},"potentialAction":[{"@type":"SearchAction","target":{"@type":"EntryPoint","urlTemplate":"https:\/\/www.lasoufflerie.com\/fr\/?s={search_term_string}"},"query-input":{"@type":"PropertyValueSpecification","valueRequired":true,"valueName":"search_term_string"}}],"inLanguage":"fr-FR"},{"@type":"Organization","@id":"https:\/\/www.lasoufflerie.com\/fr\/#organization","name":"La Soufflerie","url":"https:\/\/www.lasoufflerie.com\/fr\/","logo":{"@type":"ImageObject","inLanguage":"fr-FR","@id":"https:\/\/www.lasoufflerie.com\/fr\/#\/schema\/logo\/image\/","url":"https:\/\/www.lasoufflerie.com\/wp-content\/uploads\/2023\/11\/Logo-La-Soufflerie-black.png","contentUrl":"https:\/\/www.lasoufflerie.com\/wp-content\/uploads\/2023\/11\/Logo-La-Soufflerie-black.png","width":2362,"height":2362,"caption":"La Soufflerie"},"image":{"@id":"https:\/\/www.lasoufflerie.com\/fr\/#\/schema\/logo\/image\/"},"sameAs":["https:\/\/facebook.com\/lasoufflerie","https:\/\/x.com\/lasoufflerie","https:\/\/instagram.com\/lasoufflerie","https:\/\/www.linkedin.com\/company\/9327780?trk=tyah&amp;amp;amp;trkInfo=clickedVertical:company,clickedEntityId:9327780,idx:2-1-2,tarId:1458824308330,tas:lasouff","https:\/\/pinterest.com\/lasoufflerie"]}]}},"_links":{"self":[{"href":"https:\/\/www.lasoufflerie.com\/fr\/wp-json\/wp\/v2\/product\/17760","targetHints":{"allow":["GET"]}}],"collection":[{"href":"https:\/\/www.lasoufflerie.com\/fr\/wp-json\/wp\/v2\/product"}],"about":[{"href":"https:\/\/www.lasoufflerie.com\/fr\/wp-json\/wp\/v2\/types\/product"}],"version-history":[{"count":10,"href":"https:\/\/www.lasoufflerie.com\/fr\/wp-json\/wp\/v2\/product\/17760\/revisions"}],"predecessor-version":[{"id":62253,"href":"https:\/\/www.lasoufflerie.com\/fr\/wp-json\/wp\/v2\/product\/17760\/revisions\/62253"}],"wp:featuredmedia":[{"embeddable":true,"href":"https:\/\/www.lasoufflerie.com\/fr\/wp-json\/wp\/v2\/media\/12536"}],"wp:attachment":[{"href":"https:\/\/www.lasoufflerie.com\/fr\/wp-json\/wp\/v2\/media?parent=17760"}],"wp:term":[{"taxonomy":"product_brand","embeddable":true,"href":"https:\/\/www.lasoufflerie.com\/fr\/wp-json\/wp\/v2\/product_brand?post=17760"},{"taxonomy":"product_cat","embeddable":true,"href":"https:\/\/www.lasoufflerie.com\/fr\/wp-json\/wp\/v2\/product_cat?post=17760"},{"taxonomy":"product_tag","embeddable":true,"href":"https:\/\/www.lasoufflerie.com\/fr\/wp-json\/wp\/v2\/product_tag?post=17760"}],"curies":[{"name":"wp","href":"https:\/\/api.w.org\/{rel}","templated":true}]}}