{"id":18097,"date":"2020-09-07T08:28:43","date_gmt":"2020-09-07T06:28:43","guid":{"rendered":"https:\/\/www.lasoufflerie.com\/product\/levico-recycled-glass-carafe-artisanal-handmade-handblown-mouthblown-transparent\/"},"modified":"2025-09-19T16:22:42","modified_gmt":"2025-09-19T14:22:42","slug":"levico-carafe-transparent-verre-recycle-souffle-bouche","status":"publish","type":"product","link":"https:\/\/www.lasoufflerie.com\/fr\/produit\/levico-carafe-transparent-verre-recycle-souffle-bouche\/","title":{"rendered":"Levico"},"content":{"rendered":"<p>Levico est une ville situ\u00e9e dans la r\u00e9gion du Trentin-Haut-Adige au nord de l&rsquo;Italie. Giorgio Morandi a peint une sc\u00e8ne repr\u00e9sentant les paysages de Levico dans un style postimpressionnisme. Giorgio Morandi est un peintre et graveur italien contemporain. Il est n\u00e9 \u00e0 Bologne \u00e0 la fin du XXe si\u00e8cle. Les natures mortes constituent le th\u00e8me principal de ses \u0153uvres. Les pots, les vases, les bouteilles, souvent les m\u00eames, sont repr\u00e9sent\u00e9s suivant des angles sans cesse renouvel\u00e9s, sur une table, une \u00e9tag\u00e8re. En tant que peintre elle-m\u00eame, Valentina s&rsquo;est inspir\u00e9e de Morandi pour cr\u00e9er une s\u00e9rie d&rsquo;objets minimalistes en verre souffl\u00e9 et faits main, con\u00e7us pour votre usage quotidien. <strong>Levico<\/strong> est compos\u00e9 \u00e0 100% de verre recycl\u00e9 transparent et souffl\u00e9 \u00e0 la bouche par nos artisans. Utilisez Levico comme carafe, bouteille de lait, r\u00e9cipient pour l\u2019huile d\u2019olive, un soliflore ou recr\u00e9ez votre propre nature morte avec plusieurs pi\u00e8ces.<\/p>\n","protected":false},"excerpt":{"rendered":"<p>Levico est une ville situ\u00e9e dans la r\u00e9gion du Trentin-Haut-Adige au nord de l&rsquo;Italie. Giorgio Morandi a peint une sc\u00e8ne repr\u00e9sentant les paysages de Levico dans un style postimpressionnisme. Giorgio Morandi est un peintre et graveur italien contemporain. Il est n\u00e9 \u00e0 Bologne \u00e0 la fin du XXe si\u00e8cle. Les natures mortes constituent le th\u00e8me [&hellip;]<\/p>\n","protected":false},"featured_media":16395,"template":"","meta":{"_acf_changed":false},"product_brand":[],"product_cat":[1634,1623,1321,1310],"product_tag":[],"class_list":{"0":"post-18097","1":"product","2":"type-product","3":"status-publish","4":"has-post-thumbnail","6":"product_cat-cadeaux-a-moins-de-50e-idees-cadeaux","7":"product_cat-la-boutique","8":"product_cat-pichets-et-decanteurs","9":"product_cat-verres-carafes","10":"product_shipping_class-medium-product-fr","11":"pa_a-gift-for-her-fr","12":"pa_a-gift-for-lui","13":"pa_a-gift-for-under-50e-fr","14":"pa_colour-transparent-fr","15":"pa_made-of-glass-fr","16":"pa_size-medium-fr","18":"first","19":"instock","20":"taxable","21":"shipping-taxable","22":"purchasable","23":"product-type-simple"},"acf":[],"yoast_head":"<!-- This site is optimized with the Yoast SEO plugin v27.3 - https:\/\/yoast.com\/product\/yoast-seo-wordpress\/ -->\n<title>Levico - La Soufflerie - Verre recycl\u00e9 souffl\u00e9 bouche<\/title>\n<meta name=\"description\" content=\"Achetez le carafe Levico de La Soufflerie. Souffl\u00e9 \u00e0 la bouche en utilisant uniquement du verre recycl\u00e9 par nos ma\u00eetres artisans et disponible pour une exp\u00e9dition \u00e0 l&#039;international.\" \/>\n<meta name=\"robots\" content=\"index, follow, max-snippet:-1, max-image-preview:large, max-video-preview:-1\" \/>\n<link rel=\"canonical\" href=\"https:\/\/www.lasoufflerie.com\/fr\/produit\/levico-carafe-transparent-verre-recycle-souffle-bouche\/\" \/>\n<meta property=\"og:locale\" content=\"fr_FR\" \/>\n<meta property=\"og:type\" content=\"article\" \/>\n<meta property=\"og:title\" content=\"Levico - La Soufflerie - Verre recycl\u00e9 souffl\u00e9 bouche\" \/>\n<meta property=\"og:description\" content=\"Achetez le carafe Levico de La Soufflerie. Souffl\u00e9 \u00e0 la bouche en utilisant uniquement du verre recycl\u00e9 par nos ma\u00eetres artisans et disponible pour une exp\u00e9dition \u00e0 l&#039;international.\" \/>\n<meta property=\"og:url\" content=\"https:\/\/www.lasoufflerie.com\/fr\/produit\/levico-carafe-transparent-verre-recycle-souffle-bouche\/\" \/>\n<meta property=\"og:site_name\" content=\"La Soufflerie\" \/>\n<meta property=\"article:publisher\" content=\"https:\/\/facebook.com\/lasoufflerie\" \/>\n<meta property=\"article:modified_time\" content=\"2025-09-19T14:22:42+00:00\" \/>\n<meta property=\"og:image\" content=\"https:\/\/www.lasoufflerie.com\/wp-content\/uploads\/2020\/09\/IMG_0664-scaled.jpg\" \/>\n\t<meta property=\"og:image:width\" content=\"1920\" \/>\n\t<meta property=\"og:image:height\" content=\"2560\" \/>\n\t<meta property=\"og:image:type\" content=\"image\/jpeg\" \/>\n<meta name=\"twitter:card\" content=\"summary_large_image\" \/>\n<meta name=\"twitter:site\" content=\"@lasoufflerie\" \/>\n<meta name=\"twitter:label1\" content=\"Dur\u00e9e de lecture estim\u00e9e\" \/>\n\t<meta name=\"twitter:data1\" content=\"1 minute\" \/>\n<script type=\"application\/ld+json\" class=\"yoast-schema-graph\">{\"@context\":\"https:\\\/\\\/schema.org\",\"@graph\":[{\"@type\":\"WebPage\",\"@id\":\"https:\\\/\\\/www.lasoufflerie.com\\\/fr\\\/produit\\\/levico-carafe-transparent-verre-recycle-souffle-bouche\\\/\",\"url\":\"https:\\\/\\\/www.lasoufflerie.com\\\/fr\\\/produit\\\/levico-carafe-transparent-verre-recycle-souffle-bouche\\\/\",\"name\":\"Levico - La Soufflerie - Verre recycl\u00e9 souffl\u00e9 bouche\",\"isPartOf\":{\"@id\":\"https:\\\/\\\/www.lasoufflerie.com\\\/fr\\\/#website\"},\"primaryImageOfPage\":{\"@id\":\"https:\\\/\\\/www.lasoufflerie.com\\\/fr\\\/produit\\\/levico-carafe-transparent-verre-recycle-souffle-bouche\\\/#primaryimage\"},\"image\":{\"@id\":\"https:\\\/\\\/www.lasoufflerie.com\\\/fr\\\/produit\\\/levico-carafe-transparent-verre-recycle-souffle-bouche\\\/#primaryimage\"},\"thumbnailUrl\":\"https:\\\/\\\/www.lasoufflerie.com\\\/wp-content\\\/uploads\\\/2020\\\/09\\\/IMG_0664-scaled.jpg\",\"datePublished\":\"2020-09-07T06:28:43+00:00\",\"dateModified\":\"2025-09-19T14:22:42+00:00\",\"description\":\"Achetez le carafe Levico de La Soufflerie. Souffl\u00e9 \u00e0 la bouche en utilisant uniquement du verre recycl\u00e9 par nos ma\u00eetres artisans et disponible pour une exp\u00e9dition \u00e0 l'international.\",\"breadcrumb\":{\"@id\":\"https:\\\/\\\/www.lasoufflerie.com\\\/fr\\\/produit\\\/levico-carafe-transparent-verre-recycle-souffle-bouche\\\/#breadcrumb\"},\"inLanguage\":\"fr-FR\",\"potentialAction\":[{\"@type\":\"ReadAction\",\"target\":[\"https:\\\/\\\/www.lasoufflerie.com\\\/fr\\\/produit\\\/levico-carafe-transparent-verre-recycle-souffle-bouche\\\/\"]}]},{\"@type\":\"ImageObject\",\"inLanguage\":\"fr-FR\",\"@id\":\"https:\\\/\\\/www.lasoufflerie.com\\\/fr\\\/produit\\\/levico-carafe-transparent-verre-recycle-souffle-bouche\\\/#primaryimage\",\"url\":\"https:\\\/\\\/www.lasoufflerie.com\\\/wp-content\\\/uploads\\\/2020\\\/09\\\/IMG_0664-scaled.jpg\",\"contentUrl\":\"https:\\\/\\\/www.lasoufflerie.com\\\/wp-content\\\/uploads\\\/2020\\\/09\\\/IMG_0664-scaled.jpg\",\"width\":1920,\"height\":2560,\"caption\":\"la-soufflerie-levico-transparent-drinkware-bud-vase-hand-blown-recycled-glass\"},{\"@type\":\"BreadcrumbList\",\"@id\":\"https:\\\/\\\/www.lasoufflerie.com\\\/fr\\\/produit\\\/levico-carafe-transparent-verre-recycle-souffle-bouche\\\/#breadcrumb\",\"itemListElement\":[{\"@type\":\"ListItem\",\"position\":1,\"name\":\"Home\",\"item\":\"https:\\\/\\\/www.lasoufflerie.com\\\/fr\\\/\"},{\"@type\":\"ListItem\",\"position\":2,\"name\":\"Shop all\",\"item\":\"https:\\\/\\\/www.lasoufflerie.com\\\/fr\\\/boutique\\\/\"},{\"@type\":\"ListItem\",\"position\":3,\"name\":\"Levico\"}]},{\"@type\":\"WebSite\",\"@id\":\"https:\\\/\\\/www.lasoufflerie.com\\\/fr\\\/#website\",\"url\":\"https:\\\/\\\/www.lasoufflerie.com\\\/fr\\\/\",\"name\":\"La Soufflerie\",\"description\":\"Glass blowing craft\",\"publisher\":{\"@id\":\"https:\\\/\\\/www.lasoufflerie.com\\\/fr\\\/#organization\"},\"potentialAction\":[{\"@type\":\"SearchAction\",\"target\":{\"@type\":\"EntryPoint\",\"urlTemplate\":\"https:\\\/\\\/www.lasoufflerie.com\\\/fr\\\/?s={search_term_string}\"},\"query-input\":{\"@type\":\"PropertyValueSpecification\",\"valueRequired\":true,\"valueName\":\"search_term_string\"}}],\"inLanguage\":\"fr-FR\"},{\"@type\":\"Organization\",\"@id\":\"https:\\\/\\\/www.lasoufflerie.com\\\/fr\\\/#organization\",\"name\":\"La Soufflerie\",\"url\":\"https:\\\/\\\/www.lasoufflerie.com\\\/fr\\\/\",\"logo\":{\"@type\":\"ImageObject\",\"inLanguage\":\"fr-FR\",\"@id\":\"https:\\\/\\\/www.lasoufflerie.com\\\/fr\\\/#\\\/schema\\\/logo\\\/image\\\/\",\"url\":\"https:\\\/\\\/www.lasoufflerie.com\\\/wp-content\\\/uploads\\\/2023\\\/11\\\/Logo-La-Soufflerie-black.png\",\"contentUrl\":\"https:\\\/\\\/www.lasoufflerie.com\\\/wp-content\\\/uploads\\\/2023\\\/11\\\/Logo-La-Soufflerie-black.png\",\"width\":2362,\"height\":2362,\"caption\":\"La Soufflerie\"},\"image\":{\"@id\":\"https:\\\/\\\/www.lasoufflerie.com\\\/fr\\\/#\\\/schema\\\/logo\\\/image\\\/\"},\"sameAs\":[\"https:\\\/\\\/facebook.com\\\/lasoufflerie\",\"https:\\\/\\\/x.com\\\/lasoufflerie\",\"https:\\\/\\\/instagram.com\\\/lasoufflerie\",\"https:\\\/\\\/www.linkedin.com\\\/company\\\/9327780?trk=tyah&amp;amp;amp;trkInfo=clickedVertical:company,clickedEntityId:9327780,idx:2-1-2,tarId:1458824308330,tas:lasouff\",\"https:\\\/\\\/pinterest.com\\\/lasoufflerie\"]}]}<\/script>\n<!-- \/ Yoast SEO plugin. -->","yoast_head_json":{"title":"Levico - La Soufflerie - Verre recycl\u00e9 souffl\u00e9 bouche","description":"Achetez le carafe Levico de La Soufflerie. Souffl\u00e9 \u00e0 la bouche en utilisant uniquement du verre recycl\u00e9 par nos ma\u00eetres artisans et disponible pour une exp\u00e9dition \u00e0 l'international.","robots":{"index":"index","follow":"follow","max-snippet":"max-snippet:-1","max-image-preview":"max-image-preview:large","max-video-preview":"max-video-preview:-1"},"canonical":"https:\/\/www.lasoufflerie.com\/fr\/produit\/levico-carafe-transparent-verre-recycle-souffle-bouche\/","og_locale":"fr_FR","og_type":"article","og_title":"Levico - La Soufflerie - Verre recycl\u00e9 souffl\u00e9 bouche","og_description":"Achetez le carafe Levico de La Soufflerie. Souffl\u00e9 \u00e0 la bouche en utilisant uniquement du verre recycl\u00e9 par nos ma\u00eetres artisans et disponible pour une exp\u00e9dition \u00e0 l'international.","og_url":"https:\/\/www.lasoufflerie.com\/fr\/produit\/levico-carafe-transparent-verre-recycle-souffle-bouche\/","og_site_name":"La Soufflerie","article_publisher":"https:\/\/facebook.com\/lasoufflerie","article_modified_time":"2025-09-19T14:22:42+00:00","og_image":[{"width":1920,"height":2560,"url":"https:\/\/www.lasoufflerie.com\/wp-content\/uploads\/2020\/09\/IMG_0664-scaled.jpg","type":"image\/jpeg"}],"twitter_card":"summary_large_image","twitter_site":"@lasoufflerie","twitter_misc":{"Dur\u00e9e de lecture estim\u00e9e":"1 minute"},"schema":{"@context":"https:\/\/schema.org","@graph":[{"@type":"WebPage","@id":"https:\/\/www.lasoufflerie.com\/fr\/produit\/levico-carafe-transparent-verre-recycle-souffle-bouche\/","url":"https:\/\/www.lasoufflerie.com\/fr\/produit\/levico-carafe-transparent-verre-recycle-souffle-bouche\/","name":"Levico - La Soufflerie - Verre recycl\u00e9 souffl\u00e9 bouche","isPartOf":{"@id":"https:\/\/www.lasoufflerie.com\/fr\/#website"},"primaryImageOfPage":{"@id":"https:\/\/www.lasoufflerie.com\/fr\/produit\/levico-carafe-transparent-verre-recycle-souffle-bouche\/#primaryimage"},"image":{"@id":"https:\/\/www.lasoufflerie.com\/fr\/produit\/levico-carafe-transparent-verre-recycle-souffle-bouche\/#primaryimage"},"thumbnailUrl":"https:\/\/www.lasoufflerie.com\/wp-content\/uploads\/2020\/09\/IMG_0664-scaled.jpg","datePublished":"2020-09-07T06:28:43+00:00","dateModified":"2025-09-19T14:22:42+00:00","description":"Achetez le carafe Levico de La Soufflerie. Souffl\u00e9 \u00e0 la bouche en utilisant uniquement du verre recycl\u00e9 par nos ma\u00eetres artisans et disponible pour une exp\u00e9dition \u00e0 l'international.","breadcrumb":{"@id":"https:\/\/www.lasoufflerie.com\/fr\/produit\/levico-carafe-transparent-verre-recycle-souffle-bouche\/#breadcrumb"},"inLanguage":"fr-FR","potentialAction":[{"@type":"ReadAction","target":["https:\/\/www.lasoufflerie.com\/fr\/produit\/levico-carafe-transparent-verre-recycle-souffle-bouche\/"]}]},{"@type":"ImageObject","inLanguage":"fr-FR","@id":"https:\/\/www.lasoufflerie.com\/fr\/produit\/levico-carafe-transparent-verre-recycle-souffle-bouche\/#primaryimage","url":"https:\/\/www.lasoufflerie.com\/wp-content\/uploads\/2020\/09\/IMG_0664-scaled.jpg","contentUrl":"https:\/\/www.lasoufflerie.com\/wp-content\/uploads\/2020\/09\/IMG_0664-scaled.jpg","width":1920,"height":2560,"caption":"la-soufflerie-levico-transparent-drinkware-bud-vase-hand-blown-recycled-glass"},{"@type":"BreadcrumbList","@id":"https:\/\/www.lasoufflerie.com\/fr\/produit\/levico-carafe-transparent-verre-recycle-souffle-bouche\/#breadcrumb","itemListElement":[{"@type":"ListItem","position":1,"name":"Home","item":"https:\/\/www.lasoufflerie.com\/fr\/"},{"@type":"ListItem","position":2,"name":"Shop all","item":"https:\/\/www.lasoufflerie.com\/fr\/boutique\/"},{"@type":"ListItem","position":3,"name":"Levico"}]},{"@type":"WebSite","@id":"https:\/\/www.lasoufflerie.com\/fr\/#website","url":"https:\/\/www.lasoufflerie.com\/fr\/","name":"La Soufflerie","description":"Glass blowing craft","publisher":{"@id":"https:\/\/www.lasoufflerie.com\/fr\/#organization"},"potentialAction":[{"@type":"SearchAction","target":{"@type":"EntryPoint","urlTemplate":"https:\/\/www.lasoufflerie.com\/fr\/?s={search_term_string}"},"query-input":{"@type":"PropertyValueSpecification","valueRequired":true,"valueName":"search_term_string"}}],"inLanguage":"fr-FR"},{"@type":"Organization","@id":"https:\/\/www.lasoufflerie.com\/fr\/#organization","name":"La Soufflerie","url":"https:\/\/www.lasoufflerie.com\/fr\/","logo":{"@type":"ImageObject","inLanguage":"fr-FR","@id":"https:\/\/www.lasoufflerie.com\/fr\/#\/schema\/logo\/image\/","url":"https:\/\/www.lasoufflerie.com\/wp-content\/uploads\/2023\/11\/Logo-La-Soufflerie-black.png","contentUrl":"https:\/\/www.lasoufflerie.com\/wp-content\/uploads\/2023\/11\/Logo-La-Soufflerie-black.png","width":2362,"height":2362,"caption":"La Soufflerie"},"image":{"@id":"https:\/\/www.lasoufflerie.com\/fr\/#\/schema\/logo\/image\/"},"sameAs":["https:\/\/facebook.com\/lasoufflerie","https:\/\/x.com\/lasoufflerie","https:\/\/instagram.com\/lasoufflerie","https:\/\/www.linkedin.com\/company\/9327780?trk=tyah&amp;amp;amp;trkInfo=clickedVertical:company,clickedEntityId:9327780,idx:2-1-2,tarId:1458824308330,tas:lasouff","https:\/\/pinterest.com\/lasoufflerie"]}]}},"_links":{"self":[{"href":"https:\/\/www.lasoufflerie.com\/fr\/wp-json\/wp\/v2\/product\/18097","targetHints":{"allow":["GET"]}}],"collection":[{"href":"https:\/\/www.lasoufflerie.com\/fr\/wp-json\/wp\/v2\/product"}],"about":[{"href":"https:\/\/www.lasoufflerie.com\/fr\/wp-json\/wp\/v2\/types\/product"}],"version-history":[{"count":6,"href":"https:\/\/www.lasoufflerie.com\/fr\/wp-json\/wp\/v2\/product\/18097\/revisions"}],"predecessor-version":[{"id":58629,"href":"https:\/\/www.lasoufflerie.com\/fr\/wp-json\/wp\/v2\/product\/18097\/revisions\/58629"}],"wp:featuredmedia":[{"embeddable":true,"href":"https:\/\/www.lasoufflerie.com\/fr\/wp-json\/wp\/v2\/media\/16395"}],"wp:attachment":[{"href":"https:\/\/www.lasoufflerie.com\/fr\/wp-json\/wp\/v2\/media?parent=18097"}],"wp:term":[{"taxonomy":"product_brand","embeddable":true,"href":"https:\/\/www.lasoufflerie.com\/fr\/wp-json\/wp\/v2\/product_brand?post=18097"},{"taxonomy":"product_cat","embeddable":true,"href":"https:\/\/www.lasoufflerie.com\/fr\/wp-json\/wp\/v2\/product_cat?post=18097"},{"taxonomy":"product_tag","embeddable":true,"href":"https:\/\/www.lasoufflerie.com\/fr\/wp-json\/wp\/v2\/product_tag?post=18097"}],"curies":[{"name":"wp","href":"https:\/\/api.w.org\/{rel}","templated":true}]}}